{"id":46550,"date":"2026-01-13T23:17:16","date_gmt":"2026-01-13T23:17:16","guid":{"rendered":"https:\/\/gomera-vida.es\/evenement\/mediation-meets-meditation-%e2%98%80%ef%b8%8f\/"},"modified":"2026-01-13T23:17:16","modified_gmt":"2026-01-13T23:17:16","slug":"mediation-meets-meditation-%e2%98%80%ef%b8%8f","status":"publish","type":"tribe_events","link":"https:\/\/gomera-vida.es\/de\/evenement\/mediation-meets-meditation-%e2%98%80%ef%b8%8f\/","title":{"rendered":"Mediation meets Meditation \u2600\ufe0f"},"content":{"rendered":"<p data-start=\"4239\" data-end=\"5033\">Drei Wochen, um in die Kunst der Kommunikation einzutauchen und zu lernen, Konflikte in Chancen umzuwandeln. Die Ausbildung bietet einen &#8222;3 in 1&#8220;-Weg: Sie erwerben die Sprache und Haltung eines Mediators (mit Zertifizierung), praktizieren t\u00e4glich stille Meditation, bewusste Atmung und Yoga und profitieren von einem kraftvollen Rahmen f\u00fcr echtes pers\u00f6nliches Wachstum. Sie lernen, jemanden Schritt f\u00fcr Schritt zu begleiten: eine Konfliktdynamik zu verlassen, sich auf eine Kl\u00e4rung zuzubewegen und dann einen Raum f\u00fcr L\u00f6sungen zu \u00f6ffnen. Der Rhythmus in der Kleingruppe, die t\u00e4gliche meditative Praxis und die &#8222;Paradies am Meer&#8220;-Umgebung unterst\u00fctzen die Integration: Sie lernen nicht nur Werkzeuge, sondern verk\u00f6rpern sie auch.   <\/p>\n<p data-start=\"5035\" data-end=\"5205\">\n","protected":false},"excerpt":{"rendered":"<p>Eine umfassende Ausbildung zur Entwicklung einer Haltung und von Mediationswerkzeugen, unterst\u00fctzt durch t\u00e4gliches Yoga, Atmung und Meditation. Ideal f\u00fcr Fortschritte in Beziehungen, bei der Arbeit&#8230; oder in der beruflichen Praxis. <\/p>\n","protected":false},"author":1,"featured_media":46549,"template":"","meta":{"_tribe_events_status":"","_tribe_events_status_reason":"","_tribe_events_is_hybrid":"","_tribe_events_is_virtual":"","_tribe_events_virtual_video_source":"","_tribe_events_virtual_embed_video":"","_tribe_events_virtual_linked_button_text":"","_tribe_events_virtual_linked_button":"","_tribe_events_virtual_show_embed_at":"","_tribe_events_virtual_show_embed_to":[],"_tribe_events_virtual_show_on_event":"","_tribe_events_virtual_show_on_views":"","_tribe_events_virtual_url":"","footnotes":""},"tags":[],"tribe_events_cat":[120],"class_list":["post-46550","tribe_events","type-tribe_events","status-publish","has-post-thumbnail","hentry","tribe_events_cat-seminare","cat_seminare"],"yoast_head":"<!-- This site is optimized with the Yoast SEO plugin v27.3 - https:\/\/yoast.com\/product\/yoast-seo-wordpress\/ -->\n<title>Mediation meets Meditation \u2600\ufe0f - Gomera Vida<\/title>\n<meta name=\"description\" content=\"Zertifizierte Mediation + t\u00e4gliche Meditation: Kommunikation, Konfliktmanagement und pers\u00f6nliches Wachstum in einer inspirierenden Meeresumgebung.\" \/>\n<meta name=\"robots\" content=\"index, follow, max-snippet:-1, max-image-preview:large, max-video-preview:-1\" \/>\n<link rel=\"canonical\" href=\"https:\/\/gomera-vida.es\/de\/evenement\/mediation-meets-meditation-\u2600\ufe0f\/\" \/>\n<meta property=\"og:locale\" content=\"de_DE\" \/>\n<meta property=\"og:type\" content=\"article\" \/>\n<meta property=\"og:title\" content=\"Mediation meets Meditation \u2600\ufe0f - Gomera Vida\" \/>\n<meta property=\"og:description\" content=\"Zertifizierte Mediation + t\u00e4gliche Meditation: Kommunikation, Konfliktmanagement und pers\u00f6nliches Wachstum in einer inspirierenden Meeresumgebung.\" \/>\n<meta property=\"og:url\" content=\"https:\/\/gomera-vida.es\/de\/evenement\/mediation-meets-meditation-\u2600\ufe0f\/\" \/>\n<meta property=\"og:site_name\" content=\"Gomera Vida\" \/>\n<meta property=\"og:image\" content=\"https:\/\/gomera-vida.es\/wp-content\/uploads\/2026\/01\/Gong-600x394-1.jpg\" \/>\n\t<meta property=\"og:image:width\" content=\"600\" \/>\n\t<meta property=\"og:image:height\" content=\"394\" \/>\n\t<meta property=\"og:image:type\" content=\"image\/jpeg\" \/>\n<meta name=\"twitter:card\" content=\"summary_large_image\" \/>\n<meta name=\"twitter:label1\" content=\"Gesch\u00e4tzte Lesezeit\" \/>\n\t<meta name=\"twitter:data1\" content=\"1\u00a0Minute\" \/>\n<script type=\"application\/ld+json\" class=\"yoast-schema-graph\">{\"@context\":\"https:\\\/\\\/schema.org\",\"@graph\":[{\"@type\":\"WebPage\",\"@id\":\"https:\\\/\\\/gomera-vida.es\\\/de\\\/evenement\\\/mediation-meets-meditation-%e2%98%80%ef%b8%8f\\\/\",\"url\":\"https:\\\/\\\/gomera-vida.es\\\/de\\\/evenement\\\/mediation-meets-meditation-%e2%98%80%ef%b8%8f\\\/\",\"name\":\"Mediation meets Meditation \u2600\ufe0f - Gomera Vida\",\"isPartOf\":{\"@id\":\"https:\\\/\\\/gomera-vida.es\\\/#website\"},\"primaryImageOfPage\":{\"@id\":\"https:\\\/\\\/gomera-vida.es\\\/de\\\/evenement\\\/mediation-meets-meditation-%e2%98%80%ef%b8%8f\\\/#primaryimage\"},\"image\":{\"@id\":\"https:\\\/\\\/gomera-vida.es\\\/de\\\/evenement\\\/mediation-meets-meditation-%e2%98%80%ef%b8%8f\\\/#primaryimage\"},\"thumbnailUrl\":\"https:\\\/\\\/gomera-vida.es\\\/wp-content\\\/uploads\\\/2026\\\/01\\\/Gong-600x394-1.jpg\",\"datePublished\":\"2026-01-13T23:17:16+00:00\",\"description\":\"Zertifizierte Mediation + t\u00e4gliche Meditation: Kommunikation, Konfliktmanagement und pers\u00f6nliches Wachstum in einer inspirierenden Meeresumgebung.\",\"breadcrumb\":{\"@id\":\"https:\\\/\\\/gomera-vida.es\\\/de\\\/evenement\\\/mediation-meets-meditation-%e2%98%80%ef%b8%8f\\\/#breadcrumb\"},\"inLanguage\":\"de\",\"potentialAction\":[{\"@type\":\"ReadAction\",\"target\":[\"https:\\\/\\\/gomera-vida.es\\\/de\\\/evenement\\\/mediation-meets-meditation-%e2%98%80%ef%b8%8f\\\/\"]}]},{\"@type\":\"ImageObject\",\"inLanguage\":\"de\",\"@id\":\"https:\\\/\\\/gomera-vida.es\\\/de\\\/evenement\\\/mediation-meets-meditation-%e2%98%80%ef%b8%8f\\\/#primaryimage\",\"url\":\"https:\\\/\\\/gomera-vida.es\\\/wp-content\\\/uploads\\\/2026\\\/01\\\/Gong-600x394-1.jpg\",\"contentUrl\":\"https:\\\/\\\/gomera-vida.es\\\/wp-content\\\/uploads\\\/2026\\\/01\\\/Gong-600x394-1.jpg\",\"width\":600,\"height\":394},{\"@type\":\"BreadcrumbList\",\"@id\":\"https:\\\/\\\/gomera-vida.es\\\/de\\\/evenement\\\/mediation-meets-meditation-%e2%98%80%ef%b8%8f\\\/#breadcrumb\",\"itemListElement\":[{\"@type\":\"ListItem\",\"position\":1,\"name\":\"Startseite\",\"item\":\"https:\\\/\\\/gomera-vida.es\\\/de\\\/startseite-3\\\/\"},{\"@type\":\"ListItem\",\"position\":2,\"name\":\"Events\",\"item\":\"https:\\\/\\\/gomera-vida.es\\\/en\\\/evenements\\\/\"},{\"@type\":\"ListItem\",\"position\":3,\"name\":\"Mediation meets Meditation \u2600\ufe0f\"}]},{\"@type\":\"WebSite\",\"@id\":\"https:\\\/\\\/gomera-vida.es\\\/#website\",\"url\":\"https:\\\/\\\/gomera-vida.es\\\/\",\"name\":\"Gomera Vida\",\"description\":\"\",\"potentialAction\":[{\"@type\":\"SearchAction\",\"target\":{\"@type\":\"EntryPoint\",\"urlTemplate\":\"https:\\\/\\\/gomera-vida.es\\\/?s={search_term_string}\"},\"query-input\":{\"@type\":\"PropertyValueSpecification\",\"valueRequired\":true,\"valueName\":\"search_term_string\"}}],\"inLanguage\":\"de\"}]}<\/script>\n<!-- \/ Yoast SEO plugin. -->","yoast_head_json":{"title":"Mediation meets Meditation \u2600\ufe0f - Gomera Vida","description":"Zertifizierte Mediation + t\u00e4gliche Meditation: Kommunikation, Konfliktmanagement und pers\u00f6nliches Wachstum in einer inspirierenden Meeresumgebung.","robots":{"index":"index","follow":"follow","max-snippet":"max-snippet:-1","max-image-preview":"max-image-preview:large","max-video-preview":"max-video-preview:-1"},"canonical":"https:\/\/gomera-vida.es\/de\/evenement\/mediation-meets-meditation-\u2600\ufe0f\/","og_locale":"de_DE","og_type":"article","og_title":"Mediation meets Meditation \u2600\ufe0f - Gomera Vida","og_description":"Zertifizierte Mediation + t\u00e4gliche Meditation: Kommunikation, Konfliktmanagement und pers\u00f6nliches Wachstum in einer inspirierenden Meeresumgebung.","og_url":"https:\/\/gomera-vida.es\/de\/evenement\/mediation-meets-meditation-\u2600\ufe0f\/","og_site_name":"Gomera Vida","og_image":[{"width":600,"height":394,"url":"https:\/\/gomera-vida.es\/wp-content\/uploads\/2026\/01\/Gong-600x394-1.jpg","type":"image\/jpeg"}],"twitter_card":"summary_large_image","twitter_misc":{"Gesch\u00e4tzte Lesezeit":"1\u00a0Minute"},"schema":{"@context":"https:\/\/schema.org","@graph":[{"@type":"WebPage","@id":"https:\/\/gomera-vida.es\/de\/evenement\/mediation-meets-meditation-%e2%98%80%ef%b8%8f\/","url":"https:\/\/gomera-vida.es\/de\/evenement\/mediation-meets-meditation-%e2%98%80%ef%b8%8f\/","name":"Mediation meets Meditation \u2600\ufe0f - Gomera Vida","isPartOf":{"@id":"https:\/\/gomera-vida.es\/#website"},"primaryImageOfPage":{"@id":"https:\/\/gomera-vida.es\/de\/evenement\/mediation-meets-meditation-%e2%98%80%ef%b8%8f\/#primaryimage"},"image":{"@id":"https:\/\/gomera-vida.es\/de\/evenement\/mediation-meets-meditation-%e2%98%80%ef%b8%8f\/#primaryimage"},"thumbnailUrl":"https:\/\/gomera-vida.es\/wp-content\/uploads\/2026\/01\/Gong-600x394-1.jpg","datePublished":"2026-01-13T23:17:16+00:00","description":"Zertifizierte Mediation + t\u00e4gliche Meditation: Kommunikation, Konfliktmanagement und pers\u00f6nliches Wachstum in einer inspirierenden Meeresumgebung.","breadcrumb":{"@id":"https:\/\/gomera-vida.es\/de\/evenement\/mediation-meets-meditation-%e2%98%80%ef%b8%8f\/#breadcrumb"},"inLanguage":"de","potentialAction":[{"@type":"ReadAction","target":["https:\/\/gomera-vida.es\/de\/evenement\/mediation-meets-meditation-%e2%98%80%ef%b8%8f\/"]}]},{"@type":"ImageObject","inLanguage":"de","@id":"https:\/\/gomera-vida.es\/de\/evenement\/mediation-meets-meditation-%e2%98%80%ef%b8%8f\/#primaryimage","url":"https:\/\/gomera-vida.es\/wp-content\/uploads\/2026\/01\/Gong-600x394-1.jpg","contentUrl":"https:\/\/gomera-vida.es\/wp-content\/uploads\/2026\/01\/Gong-600x394-1.jpg","width":600,"height":394},{"@type":"BreadcrumbList","@id":"https:\/\/gomera-vida.es\/de\/evenement\/mediation-meets-meditation-%e2%98%80%ef%b8%8f\/#breadcrumb","itemListElement":[{"@type":"ListItem","position":1,"name":"Startseite","item":"https:\/\/gomera-vida.es\/de\/startseite-3\/"},{"@type":"ListItem","position":2,"name":"Events","item":"https:\/\/gomera-vida.es\/en\/evenements\/"},{"@type":"ListItem","position":3,"name":"Mediation meets Meditation \u2600\ufe0f"}]},{"@type":"WebSite","@id":"https:\/\/gomera-vida.es\/#website","url":"https:\/\/gomera-vida.es\/","name":"Gomera Vida","description":"","potentialAction":[{"@type":"SearchAction","target":{"@type":"EntryPoint","urlTemplate":"https:\/\/gomera-vida.es\/?s={search_term_string}"},"query-input":{"@type":"PropertyValueSpecification","valueRequired":true,"valueName":"search_term_string"}}],"inLanguage":"de"}]}},"_links":{"self":[{"href":"https:\/\/gomera-vida.es\/de\/wp-json\/wp\/v2\/tribe_events\/46550","targetHints":{"allow":["GET"]}}],"collection":[{"href":"https:\/\/gomera-vida.es\/de\/wp-json\/wp\/v2\/tribe_events"}],"about":[{"href":"https:\/\/gomera-vida.es\/de\/wp-json\/wp\/v2\/types\/tribe_events"}],"author":[{"embeddable":true,"href":"https:\/\/gomera-vida.es\/de\/wp-json\/wp\/v2\/users\/1"}],"version-history":[{"count":0,"href":"https:\/\/gomera-vida.es\/de\/wp-json\/wp\/v2\/tribe_events\/46550\/revisions"}],"wp:featuredmedia":[{"embeddable":true,"href":"https:\/\/gomera-vida.es\/de\/wp-json\/wp\/v2\/media\/46549"}],"wp:attachment":[{"href":"https:\/\/gomera-vida.es\/de\/wp-json\/wp\/v2\/media?parent=46550"}],"wp:term":[{"taxonomy":"post_tag","embeddable":true,"href":"https:\/\/gomera-vida.es\/de\/wp-json\/wp\/v2\/tags?post=46550"},{"taxonomy":"tribe_events_cat","embeddable":true,"href":"https:\/\/gomera-vida.es\/de\/wp-json\/wp\/v2\/tribe_events_cat?post=46550"}],"curies":[{"name":"wp","href":"https:\/\/api.w.org\/{rel}","templated":true}]}}